{"id":105,"date":"2019-12-15T15:24:24","date_gmt":"2019-12-15T14:24:24","guid":{"rendered":"http:\/\/localhost\/ports-propres\/?page_id=105"},"modified":"2024-11-08T16:43:26","modified_gmt":"2024-11-08T15:43:26","slug":"certification-ports-propres-actifs-en-biodiversite","status":"publish","type":"page","link":"https:\/\/www.ports-propres.org\/en\/ports-propres-actifs-en-biodiversite\/certification-ports-propres-actifs-en-biodiversite\/","title":{"rendered":"Certification Ports Propres actifs en biodiversit\u00e9"},"content":{"rendered":"\n<p><\/p>\n\n\n\n<p>Vous \u00eates un gestionnaire de ports de plaisance, \u00e0 flot ou \u00e0 sec, et souhaitez vous engager dans&nbsp;la Certification, contacter AFNOR Certification et les structures correspondantes mentionn\u00e9es sur le page&nbsp;<em>Adh\u00e9rer \u00e0 la d\u00e9marche<\/em>.<\/p>\n\n\n\n<p><\/p>\n\n\n\n<div class=\"wp-block-buttons is-content-justification-center is-layout-flex wp-container-core-buttons-is-layout-16018d1d wp-block-buttons-is-layout-flex\">\n<div class=\"wp-block-button is-style-outline is-style-outline--1\"><a class=\"wp-block-button__link wp-element-button\" href=\"https:\/\/www.ports-propres.org\/adherer-a-la-demarche\/\" target=\"_blank\" rel=\"noreferrer noopener\">ADH\u00c9RER \u00c0 LA D\u00c9MARCHE<\/a><\/div>\n<\/div>\n\n\n\n<p class=\"has-text-align-center has-black-color has-text-color has-medium-font-size\"><strong>La demande de certification est \u00e0 l&#8217;initiative des responsables de ports.<\/strong><\/p>\n\n\n\n<div class=\"wp-block-group\"><div class=\"wp-block-group__inner-container is-layout-flow wp-block-group-is-layout-flow\">\n<h2 class=\"wp-block-heading has-faq-color has-text-color\">Quand demander l&#8217;audit de certification ?<\/h2>\n\n\n\n<p>Pour candidater \u00e0 l&#8217;obtention de la certification Ports Propres actifs en biodiversit\u00e9, il est obligatoire d&#8217;\u00eatre certifi\u00e9 Ports Propres. Ainsi:<\/p>\n\n\n\n<ul class=\"wp-block-list\">\n<li>Si le port est <strong>certifi\u00e9 Ports Propres<\/strong>, le gestionnaire peut :\n<ul class=\"wp-block-list\">\n<li>Passer l&#8217;audit au d\u00e9but du nouveau cycle Ports Propres de 3 ans. Un m\u00eame auditeur r\u00e9alisera les 2 audits simultan\u00e9ment (renouvellement de la certification Ports Propres et obtention de la certification Ports Propres actifs en biodiversit\u00e9) . La certification Ports Propres actifs en Biodiversit\u00e9 se cale alors sur le cycle de la certification Ports Propres;<\/li>\n\n\n\n<li>Passer l\u2019audit au cours du cycle Ports Propres (lors des audits de suivi). La certification Ports Propres Actifs en Biodiversit\u00e9 sera valable pour la dur\u00e9e restante de la certification Ports Propres. \u00c0 la fin de cette p\u00e9riode, les cycles des 2 certifications s\u2019harmoniseront.<\/li>\n<\/ul>\n<\/li>\n\n\n\n<li>Si le port est dans la <strong>d\u00e9marche Ports Propres<\/strong>, et que le gestionnaire souhaite obtenir la certification Ports Propres actifs en biodiversit\u00e9, il doit mener les 2 d\u00e9marches de mani\u00e8re concomitante. Les audits de certification Ports Propres et Ports Propres actifs en biodiversit\u00e9 seront pass\u00e9s simultan\u00e9ment avec le m\u00eame auditeur. <strong>ATTENTION, le gestionnaire \u00e0 la possibilit\u00e9 de passer uniquement la certification Ports Propres.<\/strong><\/li>\n<\/ul>\n<\/div><\/div>\n\n\n\n<div class=\"wp-block-group\"><div class=\"wp-block-group__inner-container is-layout-flow wp-block-group-is-layout-flow\">\n<h2 class=\"wp-block-heading has-faq-color has-text-color\">Audit de certification et obtention de la certification <\/h2>\n\n\n\n<p>Une fois le port de plaisance engag\u00e9 dans la d\u00e9marche Ports Propres actifs en biodiversit\u00e9 et les 4 \u00e9tapes r\u00e9alis\u00e9es, et les outils de gestion, de suivi et d\u2019analyse en place, que faire&nbsp;?  <\/p>\n\n\n\n<p class=\"has-text-align-center has-faq-color has-text-color\"><strong><em>Le gestionnaire peut \u00eatre candidat \u00e0 la Certification Ports Propres actifs en biodiversit\u00e9 <\/em><\/strong><\/p>\n\n\n\n<p>Pour conna\u00eetre les modalit\u00e9s, les \u00e9tapes de candidature et les pi\u00e8ces n\u00e9cessaires, rendez-vous sur le site d&#8217;AFNOR certification.  <\/p>\n\n\n\n<div class=\"wp-block-buttons is-content-justification-center is-layout-flex wp-container-core-buttons-is-layout-16018d1d wp-block-buttons-is-layout-flex\">\n<div class=\"wp-block-button is-style-outline is-style-outline--2\"><a class=\"wp-block-button__link wp-element-button\" href=\"https:\/\/certification.afnor.org\/environnement\/certification-afaq-ports-propres-ports-actifs-biodiversite\" target=\"_blank\" rel=\"noreferrer noopener\">SITE AFNOR CERTIFICATION<\/a><\/div>\n<\/div>\n<\/div><\/div>\n\n\n<div class=\"wp-block-image\">\n<figure class=\"aligncenter size-large is-resized\"><img loading=\"lazy\" decoding=\"async\" width=\"471\" height=\"195\" src=\"https:\/\/www.ports-propres.org\/wp-content\/uploads\/2020\/03\/Afnor-certification-1.jpg\" alt=\"\" class=\"wp-image-3410\" style=\"width:284px;height:118px\" \/><\/figure><\/div>\n\n\n<p>Le jour de l\u2019audit de certification, l\u2019auditeur v\u00e9rifiera si le port r\u00e9pond favorablement aux crit\u00e8res inscrits dans le r\u00e9f\u00e9rentiel de la Norme ISO 18725 Ports Propres. Un plan de contr\u00f4le externe est t\u00e9l\u00e9chargeable sur le site de l\u2019AFNOR. Il a pour objet de d\u00e9finir les modalit\u00e9s d\u2019attribution et de maintien de la certification. Il d\u00e9crit ainsi les \u00e9tapes de certification et les m\u00e9thodes de contr\u00f4le utilis\u00e9es par AFNOR Certification pour la r\u00e9alisation des audits.<\/p>\n\n\n\n<div class=\"wp-block-group\"><div class=\"wp-block-group__inner-container is-layout-flow wp-block-group-is-layout-flow\">\n<p>Sur la base du rapport de l\u2019auditeur, la d\u00e9cision de certification est prise par un comit\u00e9 technique AFNOR. La certification est d\u00e9livr\u00e9e pour une dur\u00e9e de 3 ans avec des audits de maintien tous les ans ( sauf cas pr\u00e9cis\u00e9 ci-dessus, avant harmonisation des certifications).<\/p>\n\n\n\n<h2 class=\"wp-block-heading has-faq-color has-text-color\">Communication <\/h2>\n\n\n\n<p>Lorsque que le port est certifi\u00e9 \u00ab&nbsp;Ports Propres Actifs en Biodiversit\u00e9&nbsp;\u00bb, il est possible de mettre en valeur cette certification. <\/p>\n\n\n\n<p>A cette fin, merci de contacter :<\/p>\n\n\n\n<ul class=\"wp-block-list\">\n<li>En R\u00e9gion Provence Alpes C\u00f4te d&#8217;Azur et Principaut\u00e9 de Monaco,  l\u2019Union des Ports de Plaisance Provence Alpes C\u00f4te d\u2019Azur et Monaco;<\/li>\n\n\n\n<li>En Bretagne, l&#8217;Association des&nbsp;<em>Ports<\/em>&nbsp;de Plaisance de Bretagne (<em>APPB<\/em>);<\/li>\n\n\n\n<li>En Occitanie, l&#8217;Union des Villes Portuaires d&#8217;Occitanie (UVPO);<\/li>\n\n\n\n<li>En Corse,  Alexandra AGOSTINI NARDINI (Office de l\u2019Environnement de la Corse), David DONINI (Port de Saint-Florent), Michel MALLARONI (Port de Bonifacio); <\/li>\n\n\n\n<li>Pour les autres territoires, merci de contacter l&#8217;Union des ports de plaisance la plus proche.   <\/li>\n<\/ul>\n\n\n\n<p><strong>Le logo ci-dessous indique qu&#8217;un port est certifi\u00e9 Ports Propres actifs en biodiversit\u00e9, il porte la mention &#8220;certifi\u00e9s par AFNOR Certification&#8221;. Il fait l&#8217;objet d&#8217;un copyright. <\/strong> <\/p>\n\n\n<div class=\"wp-block-image\">\n<figure class=\"aligncenter size-large is-resized\"><img loading=\"lazy\" decoding=\"async\" width=\"646\" height=\"249\" src=\"https:\/\/www.ports-propres.org\/wp-content\/uploads\/2020\/03\/PP-actifs.png\" alt=\"\" class=\"wp-image-2584\" style=\"width:359px;height:138px\" srcset=\"https:\/\/www.ports-propres.org\/wp-content\/uploads\/2020\/03\/PP-actifs.png 646w, https:\/\/www.ports-propres.org\/wp-content\/uploads\/2020\/03\/PP-actifs-640x247.png 640w\" sizes=\"auto, (max-width: 646px) 100vw, 646px\" \/><\/figure><\/div>\n\n\n<p><strong><strong>Il sera peu \u00e0 peu remplac\u00e9 par celui ci-dessous d\u00e9s lors qu&#8217;un port aura pass\u00e9 un audit (initial\/suivi\/renouvellement) suivant les crit\u00e8res du r\u00e9f\u00e9rentiel de la norme ISO 18725 &#8220;Ports Propres&#8221; qui englobe &#8220;Ports Propres Actifs en Biodiversit\u00e9&#8221; (effectif au 01\/11\/24). <\/strong><\/strong><\/p>\n<\/div><\/div>\n\n\n<div class=\"wp-block-image\">\n<figure class=\"aligncenter size-full is-resized\"><img loading=\"lazy\" decoding=\"async\" width=\"1181\" height=\"510\" src=\"https:\/\/www.ports-propres.org\/wp-content\/uploads\/2024\/09\/Logo-PortsPropres-CertifiesACE-Biodiversite-ISO-18725_CMJN.jpg\" alt=\"\" class=\"wp-image-6646\" style=\"width:412px;height:auto\" srcset=\"https:\/\/www.ports-propres.org\/wp-content\/uploads\/2024\/09\/Logo-PortsPropres-CertifiesACE-Biodiversite-ISO-18725_CMJN.jpg 1181w, https:\/\/www.ports-propres.org\/wp-content\/uploads\/2024\/09\/Logo-PortsPropres-CertifiesACE-Biodiversite-ISO-18725_CMJN-1024x442.jpg 1024w, https:\/\/www.ports-propres.org\/wp-content\/uploads\/2024\/09\/Logo-PortsPropres-CertifiesACE-Biodiversite-ISO-18725_CMJN-640x276.jpg 640w, https:\/\/www.ports-propres.org\/wp-content\/uploads\/2024\/09\/Logo-PortsPropres-CertifiesACE-Biodiversite-ISO-18725_CMJN-768x332.jpg 768w\" sizes=\"auto, (max-width: 1181px) 100vw, 1181px\" \/><\/figure><\/div>\n\n\n<p class=\"has-black-color has-text-color\"><strong>En l&#8217;absence de certification, l&#8217;utilisation de ce logo entra\u00eene des sanctions. Par exemple, l&#8217;impossibilit\u00e9 de candidater \u00e0 Ports Propres actifs en biodiversit\u00e9. <\/strong><\/p>\n\n\n\n<p><\/p>\n","protected":false},"excerpt":{"rendered":"<p>Vous \u00eates un gestionnaire de ports de plaisance, \u00e0 flot ou \u00e0 sec, et souhaitez vous engager dans&nbsp;la Certification, contacter AFNOR Certification et les structures correspondantes mentionn\u00e9es sur le page&nbsp;Adh\u00e9rer \u00e0 la d\u00e9marche. La demande de certification est \u00e0 l&#8217;initiative des responsables de ports. Quand demander l&#8217;audit de certification ? Pour candidater \u00e0 l&#8217;obtention de [&hellip;]<\/p>\n","protected":false},"author":2,"featured_media":0,"parent":309,"menu_order":3,"comment_status":"closed","ping_status":"closed","template":"","meta":{"_acf_changed":false,"footnotes":""},"class_list":["post-105","page","type-page","status-publish","hentry"],"acf":[],"_links":{"self":[{"href":"https:\/\/www.ports-propres.org\/en\/wp-json\/wp\/v2\/pages\/105","targetHints":{"allow":["GET"]}}],"collection":[{"href":"https:\/\/www.ports-propres.org\/en\/wp-json\/wp\/v2\/pages"}],"about":[{"href":"https:\/\/www.ports-propres.org\/en\/wp-json\/wp\/v2\/types\/page"}],"author":[{"embeddable":true,"href":"https:\/\/www.ports-propres.org\/en\/wp-json\/wp\/v2\/users\/2"}],"replies":[{"embeddable":true,"href":"https:\/\/www.ports-propres.org\/en\/wp-json\/wp\/v2\/comments?post=105"}],"version-history":[{"count":24,"href":"https:\/\/www.ports-propres.org\/en\/wp-json\/wp\/v2\/pages\/105\/revisions"}],"predecessor-version":[{"id":6716,"href":"https:\/\/www.ports-propres.org\/en\/wp-json\/wp\/v2\/pages\/105\/revisions\/6716"}],"up":[{"embeddable":true,"href":"https:\/\/www.ports-propres.org\/en\/wp-json\/wp\/v2\/pages\/309"}],"wp:attachment":[{"href":"https:\/\/www.ports-propres.org\/en\/wp-json\/wp\/v2\/media?parent=105"}],"curies":[{"name":"wp","href":"https:\/\/api.w.org\/{rel}","templated":true}]}}